{"id":2,"date":"2025-02-15T00:19:33","date_gmt":"2025-02-14T23:19:33","guid":{"rendered":"http:\/\/zora-documentaire.net\/?page_id=2"},"modified":"2025-03-24T10:31:10","modified_gmt":"2025-03-24T09:31:10","slug":"page-d-exemple","status":"publish","type":"page","link":"https:\/\/zora-documentaire.net\/","title":{"rendered":""},"content":{"rendered":"\n<figure class=\"wp-block-embed is-type-video is-provider-youtube wp-block-embed-youtube wp-embed-aspect-16-9 wp-has-aspect-ratio\" style=\"margin-top:0;margin-bottom:0\"><div class=\"wp-block-embed__wrapper\">\n<div class=\"ast-oembed-container \" style=\"height: 100%;\"><iframe loading=\"lazy\" title=\"ZORA, le climat de la r\u00e9volte | BANDE ANNONCE\" width=\"500\" height=\"281\" src=\"https:\/\/www.youtube.com\/embed\/Y7bE68iSOTo?feature=oembed\" frameborder=\"0\" allow=\"accelerometer; autoplay; clipboard-write; encrypted-media; gyroscope; picture-in-picture; web-share\" referrerpolicy=\"strict-origin-when-cross-origin\" allowfullscreen><\/iframe><\/div>\n<\/div><\/figure>\n\n\n\n<p><\/p>\n\n\n\n<p><\/p>\n\n\n\n<p class=\"has-text-align-center\"><strong>A travers les r\u00e9cits d\u2019habitant\u2e31e\u2e31s, de militant\u2e31e\u2e31s et de scientifiques, nous explorons les cons\u00e9quences diff\u00e9renci\u00e9es des \u00e9v\u00e9nements extr\u00eames et des pollutions qui s\u2019inscrivent dans divers contextes politiques. Nos enqu\u00eates en Gr\u00e8ce, France et Allemagne sont le fruit d\u2019un travail de terrain militant.<\/strong><br><br><strong>Cette s\u00e9rie est port\u00e9e par l\u2019association Zora et est totalement auto-produite. Elle n&#8217;aurait pas pu exister sans le soutien des 98 personnes qui ont particip\u00e9 au crowdfunding, ainsi que sans l&#8217;aide du CROUS et de Sciences Po Paris.<\/strong><\/p>\n\n\n\n<p><\/p>\n\n\n\n<p><\/p>\n\n\n\n<p><\/p>\n","protected":false},"excerpt":{"rendered":"<p>A travers les r\u00e9cits d\u2019habitant\u2e31e\u2e31s, de militant\u2e31e\u2e31s et de scientifiques, nous explorons les cons\u00e9quences diff\u00e9renci\u00e9es des \u00e9v\u00e9nements extr\u00eames et des [&hellip;]<\/p>\n","protected":false},"author":1,"featured_media":0,"parent":0,"menu_order":0,"comment_status":"closed","ping_status":"open","template":"","meta":{"site-sidebar-layout":"default","site-content-layout":"","ast-site-content-layout":"","site-content-style":"default","site-sidebar-style":"default","ast-global-header-display":"","ast-banner-title-visibility":"","ast-main-header-display":"","ast-hfb-above-header-display":"","ast-hfb-below-header-display":"","ast-hfb-mobile-header-display":"","site-post-title":"disabled","ast-breadcrumbs-content":"","ast-featured-img":"","footer-sml-layout":"","theme-transparent-header-meta":"","adv-header-id-meta":"","stick-header-meta":"","header-above-stick-meta":"","header-main-stick-meta":"","header-below-stick-meta":"","astra-migrate-meta-layouts":"default","ast-page-background-enabled":"default","ast-page-background-meta":{"desktop":{"background-color":"var(--ast-global-color-5)","background-image":"","background-repeat":"repeat","background-position":"center center","background-size":"auto","background-attachment":"scroll","background-type":"","background-media":"","overlay-type":"","overlay-color":"","overlay-opacity":"","overlay-gradient":""},"tablet":{"background-color":"","background-image":"","background-repeat":"repeat","background-position":"center center","background-size":"auto","background-attachment":"scroll","background-type":"","background-media":"","overlay-type":"","overlay-color":"","overlay-opacity":"","overlay-gradient":""},"mobile":{"background-color":"","background-image":"","background-repeat":"repeat","background-position":"center center","background-size":"auto","background-attachment":"scroll","background-type":"","background-media":"","overlay-type":"","overlay-color":"","overlay-opacity":"","overlay-gradient":""}},"ast-content-background-meta":{"desktop":{"background-color":"var(--ast-global-color-4)","background-image":"","background-repeat":"repeat","background-position":"center center","background-size":"auto","background-attachment":"scroll","background-type":"","background-media":"","overlay-type":"","overlay-color":"","overlay-opacity":"","overlay-gradient":""},"tablet":{"background-color":"var(--ast-global-color-4)","background-image":"","background-repeat":"repeat","background-position":"center center","background-size":"auto","background-attachment":"scroll","background-type":"","background-media":"","overlay-type":"","overlay-color":"","overlay-opacity":"","overlay-gradient":""},"mobile":{"background-color":"var(--ast-global-color-4)","background-image":"","background-repeat":"repeat","background-position":"center center","background-size":"auto","background-attachment":"scroll","background-type":"","background-media":"","overlay-type":"","overlay-color":"","overlay-opacity":"","overlay-gradient":""}},"footnotes":""},"class_list":["post-2","page","type-page","status-publish","hentry"],"yoast_head":"<!-- This site is optimized with the Yoast SEO plugin v24.7 - https:\/\/yoast.com\/wordpress\/plugins\/seo\/ -->\n<title>- Documentaire Zora<\/title>\n<meta name=\"robots\" content=\"index, follow, max-snippet:-1, max-image-preview:large, max-video-preview:-1\" \/>\n<link rel=\"canonical\" href=\"https:\/\/zora-documentaire.net\/\" \/>\n<meta property=\"og:locale\" content=\"fr_FR\" \/>\n<meta property=\"og:type\" content=\"article\" \/>\n<meta property=\"og:title\" content=\"- Documentaire Zora\" \/>\n<meta property=\"og:description\" content=\"A travers les r\u00e9cits d\u2019habitant\u2e31e\u2e31s, de militant\u2e31e\u2e31s et de scientifiques, nous explorons les cons\u00e9quences diff\u00e9renci\u00e9es des \u00e9v\u00e9nements extr\u00eames et des [&hellip;]\" \/>\n<meta property=\"og:url\" content=\"https:\/\/zora-documentaire.net\/\" \/>\n<meta property=\"og:site_name\" content=\"Documentaire Zora\" \/>\n<meta property=\"article:modified_time\" content=\"2025-03-24T09:31:10+00:00\" \/>\n<meta name=\"twitter:card\" content=\"summary_large_image\" \/>\n<meta name=\"twitter:label1\" content=\"Dur\u00e9e de lecture estim\u00e9e\" \/>\n\t<meta name=\"twitter:data1\" content=\"1 minute\" \/>\n<script type=\"application\/ld+json\" class=\"yoast-schema-graph\">{\"@context\":\"https:\/\/schema.org\",\"@graph\":[{\"@type\":\"WebPage\",\"@id\":\"https:\/\/zora-documentaire.net\/\",\"url\":\"https:\/\/zora-documentaire.net\/\",\"name\":\"- Documentaire Zora\",\"isPartOf\":{\"@id\":\"https:\/\/zora-documentaire.net\/#website\"},\"datePublished\":\"2025-02-14T23:19:33+00:00\",\"dateModified\":\"2025-03-24T09:31:10+00:00\",\"inLanguage\":\"fr-FR\",\"potentialAction\":[{\"@type\":\"ReadAction\",\"target\":[\"https:\/\/zora-documentaire.net\/\"]}]},{\"@type\":\"WebSite\",\"@id\":\"https:\/\/zora-documentaire.net\/#website\",\"url\":\"https:\/\/zora-documentaire.net\/\",\"name\":\"Zora\",\"description\":\"Le climat de la r\u00e9volte\",\"publisher\":{\"@id\":\"https:\/\/zora-documentaire.net\/#organization\"},\"potentialAction\":[{\"@type\":\"SearchAction\",\"target\":{\"@type\":\"EntryPoint\",\"urlTemplate\":\"https:\/\/zora-documentaire.net\/?s={search_term_string}\"},\"query-input\":{\"@type\":\"PropertyValueSpecification\",\"valueRequired\":true,\"valueName\":\"search_term_string\"}}],\"inLanguage\":\"fr-FR\"},{\"@type\":\"Organization\",\"@id\":\"https:\/\/zora-documentaire.net\/#organization\",\"name\":\"Association Zora\",\"url\":\"https:\/\/zora-documentaire.net\/\",\"logo\":{\"@type\":\"ImageObject\",\"inLanguage\":\"fr-FR\",\"@id\":\"https:\/\/zora-documentaire.net\/#\/schema\/logo\/image\/\",\"url\":\"https:\/\/zora-documentaire.net\/wp-content\/uploads\/2025\/03\/cropped-logo.png\",\"contentUrl\":\"https:\/\/zora-documentaire.net\/wp-content\/uploads\/2025\/03\/cropped-logo.png\",\"width\":1891,\"height\":505,\"caption\":\"Association Zora\"},\"image\":{\"@id\":\"https:\/\/zora-documentaire.net\/#\/schema\/logo\/image\/\"}}]}<\/script>\n<!-- \/ Yoast SEO plugin. -->","yoast_head_json":{"title":"- Documentaire Zora","robots":{"index":"index","follow":"follow","max-snippet":"max-snippet:-1","max-image-preview":"max-image-preview:large","max-video-preview":"max-video-preview:-1"},"canonical":"https:\/\/zora-documentaire.net\/","og_locale":"fr_FR","og_type":"article","og_title":"- Documentaire Zora","og_description":"A travers les r\u00e9cits d\u2019habitant\u2e31e\u2e31s, de militant\u2e31e\u2e31s et de scientifiques, nous explorons les cons\u00e9quences diff\u00e9renci\u00e9es des \u00e9v\u00e9nements extr\u00eames et des [&hellip;]","og_url":"https:\/\/zora-documentaire.net\/","og_site_name":"Documentaire Zora","article_modified_time":"2025-03-24T09:31:10+00:00","twitter_card":"summary_large_image","twitter_misc":{"Dur\u00e9e de lecture estim\u00e9e":"1 minute"},"schema":{"@context":"https:\/\/schema.org","@graph":[{"@type":"WebPage","@id":"https:\/\/zora-documentaire.net\/","url":"https:\/\/zora-documentaire.net\/","name":"- Documentaire Zora","isPartOf":{"@id":"https:\/\/zora-documentaire.net\/#website"},"datePublished":"2025-02-14T23:19:33+00:00","dateModified":"2025-03-24T09:31:10+00:00","inLanguage":"fr-FR","potentialAction":[{"@type":"ReadAction","target":["https:\/\/zora-documentaire.net\/"]}]},{"@type":"WebSite","@id":"https:\/\/zora-documentaire.net\/#website","url":"https:\/\/zora-documentaire.net\/","name":"Zora","description":"Le climat de la r\u00e9volte","publisher":{"@id":"https:\/\/zora-documentaire.net\/#organization"},"potentialAction":[{"@type":"SearchAction","target":{"@type":"EntryPoint","urlTemplate":"https:\/\/zora-documentaire.net\/?s={search_term_string}"},"query-input":{"@type":"PropertyValueSpecification","valueRequired":true,"valueName":"search_term_string"}}],"inLanguage":"fr-FR"},{"@type":"Organization","@id":"https:\/\/zora-documentaire.net\/#organization","name":"Association Zora","url":"https:\/\/zora-documentaire.net\/","logo":{"@type":"ImageObject","inLanguage":"fr-FR","@id":"https:\/\/zora-documentaire.net\/#\/schema\/logo\/image\/","url":"https:\/\/zora-documentaire.net\/wp-content\/uploads\/2025\/03\/cropped-logo.png","contentUrl":"https:\/\/zora-documentaire.net\/wp-content\/uploads\/2025\/03\/cropped-logo.png","width":1891,"height":505,"caption":"Association Zora"},"image":{"@id":"https:\/\/zora-documentaire.net\/#\/schema\/logo\/image\/"}}]}},"_links":{"self":[{"href":"https:\/\/zora-documentaire.net\/index.php\/wp-json\/wp\/v2\/pages\/2","targetHints":{"allow":["GET"]}}],"collection":[{"href":"https:\/\/zora-documentaire.net\/index.php\/wp-json\/wp\/v2\/pages"}],"about":[{"href":"https:\/\/zora-documentaire.net\/index.php\/wp-json\/wp\/v2\/types\/page"}],"author":[{"embeddable":true,"href":"https:\/\/zora-documentaire.net\/index.php\/wp-json\/wp\/v2\/users\/1"}],"replies":[{"embeddable":true,"href":"https:\/\/zora-documentaire.net\/index.php\/wp-json\/wp\/v2\/comments?post=2"}],"version-history":[{"count":32,"href":"https:\/\/zora-documentaire.net\/index.php\/wp-json\/wp\/v2\/pages\/2\/revisions"}],"predecessor-version":[{"id":353,"href":"https:\/\/zora-documentaire.net\/index.php\/wp-json\/wp\/v2\/pages\/2\/revisions\/353"}],"wp:attachment":[{"href":"https:\/\/zora-documentaire.net\/index.php\/wp-json\/wp\/v2\/media?parent=2"}],"curies":[{"name":"wp","href":"https:\/\/api.w.org\/{rel}","templated":true}]}}