{"id":42,"date":"2025-02-23T21:12:29","date_gmt":"2025-02-23T20:12:29","guid":{"rendered":"https:\/\/zora-documentaire.net\/?page_id=42"},"modified":"2025-09-25T16:33:34","modified_gmt":"2025-09-25T14:33:34","slug":"le-film","status":"publish","type":"page","link":"https:\/\/zora-documentaire.net\/index.php\/le-film\/","title":{"rendered":"La s\u00e9rie"},"content":{"rendered":"\n<div class=\"wp-block-columns are-vertically-aligned-top is-layout-flex wp-container-core-columns-is-layout-28f84493 wp-block-columns-is-layout-flex\">\n<div class=\"wp-block-column is-vertically-aligned-top is-layout-flow wp-block-column-is-layout-flow\" style=\"flex-basis:33.33%\">\n<figure class=\"wp-block-gallery has-nested-images columns-default is-cropped wp-block-gallery-1 is-layout-flex wp-block-gallery-is-layout-flex\">\n<figure class=\"wp-block-image size-large\"><img loading=\"lazy\" decoding=\"async\" width=\"724\" height=\"1024\" data-id=\"140\" src=\"http:\/\/zora-documentaire.net\/wp-content\/uploads\/2025\/03\/AfA-2-724x1024.png\" alt=\"\" class=\"wp-image-140\" srcset=\"https:\/\/zora-documentaire.net\/wp-content\/uploads\/2025\/03\/AfA-2-724x1024.png 724w, https:\/\/zora-documentaire.net\/wp-content\/uploads\/2025\/03\/AfA-2-212x300.png 212w, https:\/\/zora-documentaire.net\/wp-content\/uploads\/2025\/03\/AfA-2-768x1086.png 768w, https:\/\/zora-documentaire.net\/wp-content\/uploads\/2025\/03\/AfA-2-1086x1536.png 1086w, https:\/\/zora-documentaire.net\/wp-content\/uploads\/2025\/03\/AfA-2-1448x2048.png 1448w, https:\/\/zora-documentaire.net\/wp-content\/uploads\/2025\/03\/AfA-2.png 1587w\" sizes=\"auto, (max-width: 724px) 100vw, 724px\" \/><\/figure>\n<\/figure>\n<\/div>\n\n\n\n<div class=\"wp-block-column is-vertically-aligned-top is-layout-flow wp-block-column-is-layout-flow\" style=\"flex-basis:66.66%\">\n<p><strong><mark style=\"background-color:rgba(0, 0, 0, 0)\" class=\"has-inline-color has-ast-global-color-2-color\">S\u00c9RIE DOCUMENTAIRE<\/mark><\/strong><\/p>\n\n\n\n<p><mark style=\"background-color:rgba(0, 0, 0, 0)\" class=\"has-inline-color has-ast-global-color-6-color\">ZORA, le climat de la r\u00e9volte<\/mark><\/p>\n\n\n\n<p>Une s\u00e9rie documentaire d\u2019Iris Bonnant et Elisa Amenel<br>1h15 &#8211; Couleur <br>France &#8211; 2025<br>Produit par Iris Bonnant et Elisa Amenel<br>Disponible en version fran\u00e7aise<br>Image : Mat\u00e9o Lem\u00e9tayer, Luca Ungaro et Iris Bonnant<br>Montage : Sylvain Brossard, L\u00e9onore de Broissia, Luka Monon<br>Son : Youri Loquette<br>\u00c9talonnage : Luca Ungaro<br>Musique : Sepanta Salari, Nikolai Augustin et Sylvain Brossard<br>Voix : Morine Chauvris, Elisa Amenel<br>Animation : Mat\u00e9o Lem\u00e9tayer, Luka Monon, Coralie Bonnand, Noah Solomon, Baptiste Lecomte<\/p>\n\n\n\n<p><a href=\"https:\/\/youtu.be\/N_2VrQTA10s?si=bdpKv6CUZGyRaOes\">Ecouter la musique extraite<\/a><\/p>\n<\/div>\n<\/div>\n\n\n\n<p class=\"has-text-align-center\">Le capitalisme fossile g\u00e9n\u00e8re et continuera de g\u00e9n\u00e9rer l\u2019augmentation de catastrophes climatiques ainsi que des pollutions atmosph\u00e9riques. Les cons\u00e9quences de ces \u00e9v\u00e9nements touchent en premier des personnes d\u00e9j\u00e0 vuln\u00e9rables en raison de leur origine, de leur genre, de leur \u00e2ge ou de leur revenu.<br><br>A l\u2019\u00e9chelle de l\u2019Europe, nous avons enqu\u00eat\u00e9 en Gr\u00e8ce, en France et en Allemagne sur les mani\u00e8res dont les gouvernements, la soci\u00e9t\u00e9 civile et les habitant\u2e31e\u2e31s locaux parent l\u2019inaction climatique et ses cons\u00e9quences directes sur leurs droits humains fondamentaux.<\/p>\n\n\n\n<div class=\"wp-block-columns is-layout-flex wp-container-core-columns-is-layout-28f84493 wp-block-columns-is-layout-flex\">\n<div class=\"wp-block-column is-layout-flow wp-block-column-is-layout-flow\">\n<figure class=\"wp-block-image aligncenter size-large\"><img loading=\"lazy\" decoding=\"async\" width=\"1024\" height=\"570\" src=\"http:\/\/zora-documentaire.net\/wp-content\/uploads\/2025\/03\/Capture-decran-2025-03-11-100627-1024x570.png\" alt=\"\" class=\"wp-image-104\" srcset=\"https:\/\/zora-documentaire.net\/wp-content\/uploads\/2025\/03\/Capture-decran-2025-03-11-100627-1024x570.png 1024w, https:\/\/zora-documentaire.net\/wp-content\/uploads\/2025\/03\/Capture-decran-2025-03-11-100627-300x167.png 300w, https:\/\/zora-documentaire.net\/wp-content\/uploads\/2025\/03\/Capture-decran-2025-03-11-100627-768x428.png 768w, https:\/\/zora-documentaire.net\/wp-content\/uploads\/2025\/03\/Capture-decran-2025-03-11-100627-1536x855.png 1536w, https:\/\/zora-documentaire.net\/wp-content\/uploads\/2025\/03\/Capture-decran-2025-03-11-100627.png 1906w\" sizes=\"auto, (max-width: 1024px) 100vw, 1024px\" \/><figcaption class=\"wp-element-caption\">Gr\u00e8ce : les flammes attisent la haine<\/figcaption><\/figure>\n\n\n\n<p class=\"has-text-align-left\">A l\u2019\u00e9t\u00e9 2023, des m\u00e9gafeux ont ravag\u00e9 la Gr\u00e8ce et plus particuli\u00e8rement la r\u00e9gion d\u2019Evros, \u00e0 la fronti\u00e8re greco-turque. Notre enqu\u00eate retrace de quelles mani\u00e8res ces feux sont d\u2019abord le r\u00e9sultat de choix politiques \u00e0 rebours des enjeux actuels mais ont aussi \u00e9t\u00e9 le foyer de violences x\u00e9nophobes.&nbsp;<\/p>\n<\/div>\n\n\n\n<div class=\"wp-block-column is-layout-flow wp-block-column-is-layout-flow\">\n<figure class=\"wp-block-image aligncenter size-large\"><img loading=\"lazy\" decoding=\"async\" width=\"1024\" height=\"575\" src=\"http:\/\/zora-documentaire.net\/wp-content\/uploads\/2025\/03\/Capture-decran-2025-03-11-101109-1024x575.png\" alt=\"\" class=\"wp-image-105\" srcset=\"https:\/\/zora-documentaire.net\/wp-content\/uploads\/2025\/03\/Capture-decran-2025-03-11-101109-1024x575.png 1024w, https:\/\/zora-documentaire.net\/wp-content\/uploads\/2025\/03\/Capture-decran-2025-03-11-101109-300x168.png 300w, https:\/\/zora-documentaire.net\/wp-content\/uploads\/2025\/03\/Capture-decran-2025-03-11-101109-768x431.png 768w, https:\/\/zora-documentaire.net\/wp-content\/uploads\/2025\/03\/Capture-decran-2025-03-11-101109-1536x863.png 1536w, https:\/\/zora-documentaire.net\/wp-content\/uploads\/2025\/03\/Capture-decran-2025-03-11-101109.png 1809w\" sizes=\"auto, (max-width: 1024px) 100vw, 1024px\" \/><figcaption class=\"wp-element-caption\">France : un air d&#8217;injustice<\/figcaption><\/figure>\n\n\n\n<p>La pollution de l\u2019air cause 400 000 d\u00e9c\u00e8s par an en Europe et affecte de mani\u00e8re singuli\u00e8re les enfants. Pour se prot\u00e9ger d\u2019un nouveau projet d&#8217;\u00e9changeur autoroutier polluant construit autour d\u2019une \u00e9cole, des habitant\u2e31e\u2e31s de Seine-Saint-Denis, nous ont d\u00e9crit leur parcours pour utiliser l\u2019ensemble des moyens d\u00e9mocratiques \u00e0 leur disposition.&nbsp;&nbsp;<\/p>\n<\/div>\n\n\n\n<div class=\"wp-block-column is-layout-flow wp-block-column-is-layout-flow\">\n<figure class=\"wp-block-image aligncenter size-large\" style=\"margin-right:10rem;margin-left:10rem\"><img loading=\"lazy\" decoding=\"async\" width=\"1024\" height=\"577\" src=\"http:\/\/zora-documentaire.net\/wp-content\/uploads\/2025\/02\/EP-3-drone-mine-neige-1024x577.png\" alt=\"\" class=\"wp-image-18\" srcset=\"https:\/\/zora-documentaire.net\/wp-content\/uploads\/2025\/02\/EP-3-drone-mine-neige-1024x577.png 1024w, https:\/\/zora-documentaire.net\/wp-content\/uploads\/2025\/02\/EP-3-drone-mine-neige-300x169.png 300w, https:\/\/zora-documentaire.net\/wp-content\/uploads\/2025\/02\/EP-3-drone-mine-neige-768x432.png 768w, https:\/\/zora-documentaire.net\/wp-content\/uploads\/2025\/02\/EP-3-drone-mine-neige-1536x865.png 1536w, https:\/\/zora-documentaire.net\/wp-content\/uploads\/2025\/02\/EP-3-drone-mine-neige.png 1801w\" sizes=\"auto, (max-width: 1024px) 100vw, 1024px\" \/><figcaption class=\"wp-element-caption\">Allemagne : lutter au c\u0153ur de la mine<\/figcaption><\/figure>\n\n\n\n<p>6 ans apr\u00e8s la signature de l\u2019arr\u00eat de l\u2019expansion de la mine de Hambach par la justice allemande, les militant\u2e31e\u2e31s et habitant\u2e31e\u2e31s nous partagent le co\u00fbt d\u2019une victoire symbolique pour laquelle les dommages subis n\u2019ont jamais \u00e9t\u00e9 r\u00e9par\u00e9s.&nbsp;<\/p>\n<\/div>\n<\/div>\n\n\n\n<p><\/p>\n\n\n\n<p><\/p>\n","protected":false},"excerpt":{"rendered":"<p>S\u00c9RIE DOCUMENTAIRE ZORA, le climat de la r\u00e9volte Une s\u00e9rie documentaire d\u2019Iris Bonnant et Elisa Amenel1h15 &#8211; Couleur France &#8211; [&hellip;]<\/p>\n","protected":false},"author":1,"featured_media":0,"parent":0,"menu_order":0,"comment_status":"closed","ping_status":"closed","template":"","meta":{"site-sidebar-layout":"default","site-content-layout":"","ast-site-content-layout":"normal-width-container","site-content-style":"unboxed","site-sidebar-style":"unboxed","ast-global-header-display":"","ast-banner-title-visibility":"","ast-main-header-display":"","ast-hfb-above-header-display":"","ast-hfb-below-header-display":"","ast-hfb-mobile-header-display":"","site-post-title":"disabled","ast-breadcrumbs-content":"","ast-featured-img":"","footer-sml-layout":"","theme-transparent-header-meta":"","adv-header-id-meta":"","stick-header-meta":"","header-above-stick-meta":"","header-main-stick-meta":"","header-below-stick-meta":"","astra-migrate-meta-layouts":"default","ast-page-background-enabled":"default","ast-page-background-meta":{"desktop":{"background-color":"var(--ast-global-color-5)","background-image":"","background-repeat":"repeat","background-position":"center center","background-size":"auto","background-attachment":"scroll","background-type":"","background-media":"","overlay-type":"","overlay-color":"","overlay-opacity":"","overlay-gradient":""},"tablet":{"background-color":"","background-image":"","background-repeat":"repeat","background-position":"center center","background-size":"auto","background-attachment":"scroll","background-type":"","background-media":"","overlay-type":"","overlay-color":"","overlay-opacity":"","overlay-gradient":""},"mobile":{"background-color":"","background-image":"","background-repeat":"repeat","background-position":"center center","background-size":"auto","background-attachment":"scroll","background-type":"","background-media":"","overlay-type":"","overlay-color":"","overlay-opacity":"","overlay-gradient":""}},"ast-content-background-meta":{"desktop":{"background-color":"var(--ast-global-color-4)","background-image":"","background-repeat":"repeat","background-position":"center center","background-size":"auto","background-attachment":"scroll","background-type":"","background-media":"","overlay-type":"","overlay-color":"","overlay-opacity":"","overlay-gradient":""},"tablet":{"background-color":"var(--ast-global-color-4)","background-image":"","background-repeat":"repeat","background-position":"center center","background-size":"auto","background-attachment":"scroll","background-type":"","background-media":"","overlay-type":"","overlay-color":"","overlay-opacity":"","overlay-gradient":""},"mobile":{"background-color":"var(--ast-global-color-4)","background-image":"","background-repeat":"repeat","background-position":"center center","background-size":"auto","background-attachment":"scroll","background-type":"","background-media":"","overlay-type":"","overlay-color":"","overlay-opacity":"","overlay-gradient":""}},"footnotes":""},"class_list":["post-42","page","type-page","status-publish","hentry"],"yoast_head":"<!-- This site is optimized with the Yoast SEO plugin v24.7 - https:\/\/yoast.com\/wordpress\/plugins\/seo\/ -->\n<title>La s\u00e9rie - Documentaire Zora<\/title>\n<meta name=\"robots\" content=\"index, follow, max-snippet:-1, max-image-preview:large, max-video-preview:-1\" \/>\n<link rel=\"canonical\" href=\"https:\/\/zora-documentaire.net\/index.php\/le-film\/\" \/>\n<meta property=\"og:locale\" content=\"fr_FR\" \/>\n<meta property=\"og:type\" content=\"article\" \/>\n<meta property=\"og:title\" content=\"La s\u00e9rie - Documentaire Zora\" \/>\n<meta property=\"og:description\" content=\"S\u00c9RIE DOCUMENTAIRE ZORA, le climat de la r\u00e9volte Une s\u00e9rie documentaire d\u2019Iris Bonnant et Elisa Amenel1h15 &#8211; Couleur France &#8211; [&hellip;]\" \/>\n<meta property=\"og:url\" content=\"https:\/\/zora-documentaire.net\/index.php\/le-film\/\" \/>\n<meta property=\"og:site_name\" content=\"Documentaire Zora\" \/>\n<meta property=\"article:modified_time\" content=\"2025-09-25T14:33:34+00:00\" \/>\n<meta property=\"og:image\" content=\"https:\/\/zora-documentaire.net\/wp-content\/uploads\/2025\/03\/AfA-2-724x1024.png\" \/>\n\t<meta property=\"og:image:width\" content=\"724\" \/>\n\t<meta property=\"og:image:height\" content=\"1024\" \/>\n\t<meta property=\"og:image:type\" content=\"image\/png\" \/>\n<meta name=\"twitter:card\" content=\"summary_large_image\" \/>\n<meta name=\"twitter:label1\" content=\"Dur\u00e9e de lecture estim\u00e9e\" \/>\n\t<meta name=\"twitter:data1\" content=\"3 minutes\" \/>\n<script type=\"application\/ld+json\" class=\"yoast-schema-graph\">{\"@context\":\"https:\/\/schema.org\",\"@graph\":[{\"@type\":\"WebPage\",\"@id\":\"https:\/\/zora-documentaire.net\/index.php\/le-film\/\",\"url\":\"https:\/\/zora-documentaire.net\/index.php\/le-film\/\",\"name\":\"La s\u00e9rie - Documentaire Zora\",\"isPartOf\":{\"@id\":\"https:\/\/zora-documentaire.net\/#website\"},\"primaryImageOfPage\":{\"@id\":\"https:\/\/zora-documentaire.net\/index.php\/le-film\/#primaryimage\"},\"image\":{\"@id\":\"https:\/\/zora-documentaire.net\/index.php\/le-film\/#primaryimage\"},\"thumbnailUrl\":\"http:\/\/zora-documentaire.net\/wp-content\/uploads\/2025\/03\/AfA-2-724x1024.png\",\"datePublished\":\"2025-02-23T20:12:29+00:00\",\"dateModified\":\"2025-09-25T14:33:34+00:00\",\"breadcrumb\":{\"@id\":\"https:\/\/zora-documentaire.net\/index.php\/le-film\/#breadcrumb\"},\"inLanguage\":\"fr-FR\",\"potentialAction\":[{\"@type\":\"ReadAction\",\"target\":[\"https:\/\/zora-documentaire.net\/index.php\/le-film\/\"]}]},{\"@type\":\"ImageObject\",\"inLanguage\":\"fr-FR\",\"@id\":\"https:\/\/zora-documentaire.net\/index.php\/le-film\/#primaryimage\",\"url\":\"https:\/\/zora-documentaire.net\/wp-content\/uploads\/2025\/03\/AfA-2.png\",\"contentUrl\":\"https:\/\/zora-documentaire.net\/wp-content\/uploads\/2025\/03\/AfA-2.png\",\"width\":1587,\"height\":2245},{\"@type\":\"BreadcrumbList\",\"@id\":\"https:\/\/zora-documentaire.net\/index.php\/le-film\/#breadcrumb\",\"itemListElement\":[{\"@type\":\"ListItem\",\"position\":1,\"name\":\"Accueil\",\"item\":\"https:\/\/zora-documentaire.net\/\"},{\"@type\":\"ListItem\",\"position\":2,\"name\":\"La s\u00e9rie\"}]},{\"@type\":\"WebSite\",\"@id\":\"https:\/\/zora-documentaire.net\/#website\",\"url\":\"https:\/\/zora-documentaire.net\/\",\"name\":\"Zora\",\"description\":\"Le climat de la r\u00e9volte\",\"publisher\":{\"@id\":\"https:\/\/zora-documentaire.net\/#organization\"},\"potentialAction\":[{\"@type\":\"SearchAction\",\"target\":{\"@type\":\"EntryPoint\",\"urlTemplate\":\"https:\/\/zora-documentaire.net\/?s={search_term_string}\"},\"query-input\":{\"@type\":\"PropertyValueSpecification\",\"valueRequired\":true,\"valueName\":\"search_term_string\"}}],\"inLanguage\":\"fr-FR\"},{\"@type\":\"Organization\",\"@id\":\"https:\/\/zora-documentaire.net\/#organization\",\"name\":\"Association Zora\",\"url\":\"https:\/\/zora-documentaire.net\/\",\"logo\":{\"@type\":\"ImageObject\",\"inLanguage\":\"fr-FR\",\"@id\":\"https:\/\/zora-documentaire.net\/#\/schema\/logo\/image\/\",\"url\":\"https:\/\/zora-documentaire.net\/wp-content\/uploads\/2025\/03\/cropped-logo.png\",\"contentUrl\":\"https:\/\/zora-documentaire.net\/wp-content\/uploads\/2025\/03\/cropped-logo.png\",\"width\":1891,\"height\":505,\"caption\":\"Association Zora\"},\"image\":{\"@id\":\"https:\/\/zora-documentaire.net\/#\/schema\/logo\/image\/\"}}]}<\/script>\n<!-- \/ Yoast SEO plugin. -->","yoast_head_json":{"title":"La s\u00e9rie - Documentaire Zora","robots":{"index":"index","follow":"follow","max-snippet":"max-snippet:-1","max-image-preview":"max-image-preview:large","max-video-preview":"max-video-preview:-1"},"canonical":"https:\/\/zora-documentaire.net\/index.php\/le-film\/","og_locale":"fr_FR","og_type":"article","og_title":"La s\u00e9rie - Documentaire Zora","og_description":"S\u00c9RIE DOCUMENTAIRE ZORA, le climat de la r\u00e9volte Une s\u00e9rie documentaire d\u2019Iris Bonnant et Elisa Amenel1h15 &#8211; Couleur France &#8211; [&hellip;]","og_url":"https:\/\/zora-documentaire.net\/index.php\/le-film\/","og_site_name":"Documentaire Zora","article_modified_time":"2025-09-25T14:33:34+00:00","og_image":[{"width":724,"height":1024,"url":"https:\/\/zora-documentaire.net\/wp-content\/uploads\/2025\/03\/AfA-2-724x1024.png","type":"image\/png"}],"twitter_card":"summary_large_image","twitter_misc":{"Dur\u00e9e de lecture estim\u00e9e":"3 minutes"},"schema":{"@context":"https:\/\/schema.org","@graph":[{"@type":"WebPage","@id":"https:\/\/zora-documentaire.net\/index.php\/le-film\/","url":"https:\/\/zora-documentaire.net\/index.php\/le-film\/","name":"La s\u00e9rie - Documentaire Zora","isPartOf":{"@id":"https:\/\/zora-documentaire.net\/#website"},"primaryImageOfPage":{"@id":"https:\/\/zora-documentaire.net\/index.php\/le-film\/#primaryimage"},"image":{"@id":"https:\/\/zora-documentaire.net\/index.php\/le-film\/#primaryimage"},"thumbnailUrl":"http:\/\/zora-documentaire.net\/wp-content\/uploads\/2025\/03\/AfA-2-724x1024.png","datePublished":"2025-02-23T20:12:29+00:00","dateModified":"2025-09-25T14:33:34+00:00","breadcrumb":{"@id":"https:\/\/zora-documentaire.net\/index.php\/le-film\/#breadcrumb"},"inLanguage":"fr-FR","potentialAction":[{"@type":"ReadAction","target":["https:\/\/zora-documentaire.net\/index.php\/le-film\/"]}]},{"@type":"ImageObject","inLanguage":"fr-FR","@id":"https:\/\/zora-documentaire.net\/index.php\/le-film\/#primaryimage","url":"https:\/\/zora-documentaire.net\/wp-content\/uploads\/2025\/03\/AfA-2.png","contentUrl":"https:\/\/zora-documentaire.net\/wp-content\/uploads\/2025\/03\/AfA-2.png","width":1587,"height":2245},{"@type":"BreadcrumbList","@id":"https:\/\/zora-documentaire.net\/index.php\/le-film\/#breadcrumb","itemListElement":[{"@type":"ListItem","position":1,"name":"Accueil","item":"https:\/\/zora-documentaire.net\/"},{"@type":"ListItem","position":2,"name":"La s\u00e9rie"}]},{"@type":"WebSite","@id":"https:\/\/zora-documentaire.net\/#website","url":"https:\/\/zora-documentaire.net\/","name":"Zora","description":"Le climat de la r\u00e9volte","publisher":{"@id":"https:\/\/zora-documentaire.net\/#organization"},"potentialAction":[{"@type":"SearchAction","target":{"@type":"EntryPoint","urlTemplate":"https:\/\/zora-documentaire.net\/?s={search_term_string}"},"query-input":{"@type":"PropertyValueSpecification","valueRequired":true,"valueName":"search_term_string"}}],"inLanguage":"fr-FR"},{"@type":"Organization","@id":"https:\/\/zora-documentaire.net\/#organization","name":"Association Zora","url":"https:\/\/zora-documentaire.net\/","logo":{"@type":"ImageObject","inLanguage":"fr-FR","@id":"https:\/\/zora-documentaire.net\/#\/schema\/logo\/image\/","url":"https:\/\/zora-documentaire.net\/wp-content\/uploads\/2025\/03\/cropped-logo.png","contentUrl":"https:\/\/zora-documentaire.net\/wp-content\/uploads\/2025\/03\/cropped-logo.png","width":1891,"height":505,"caption":"Association Zora"},"image":{"@id":"https:\/\/zora-documentaire.net\/#\/schema\/logo\/image\/"}}]}},"_links":{"self":[{"href":"https:\/\/zora-documentaire.net\/index.php\/wp-json\/wp\/v2\/pages\/42","targetHints":{"allow":["GET"]}}],"collection":[{"href":"https:\/\/zora-documentaire.net\/index.php\/wp-json\/wp\/v2\/pages"}],"about":[{"href":"https:\/\/zora-documentaire.net\/index.php\/wp-json\/wp\/v2\/types\/page"}],"author":[{"embeddable":true,"href":"https:\/\/zora-documentaire.net\/index.php\/wp-json\/wp\/v2\/users\/1"}],"replies":[{"embeddable":true,"href":"https:\/\/zora-documentaire.net\/index.php\/wp-json\/wp\/v2\/comments?post=42"}],"version-history":[{"count":27,"href":"https:\/\/zora-documentaire.net\/index.php\/wp-json\/wp\/v2\/pages\/42\/revisions"}],"predecessor-version":[{"id":392,"href":"https:\/\/zora-documentaire.net\/index.php\/wp-json\/wp\/v2\/pages\/42\/revisions\/392"}],"wp:attachment":[{"href":"https:\/\/zora-documentaire.net\/index.php\/wp-json\/wp\/v2\/media?parent=42"}],"curies":[{"name":"wp","href":"https:\/\/api.w.org\/{rel}","templated":true}]}}