{"id":45,"date":"2025-02-23T21:13:00","date_gmt":"2025-02-23T20:13:00","guid":{"rendered":"https:\/\/zora-documentaire.net\/?page_id=45"},"modified":"2026-03-04T11:02:51","modified_gmt":"2026-03-04T10:02:51","slug":"voir-le-documentaire","status":"publish","type":"page","link":"https:\/\/zora-documentaire.net\/index.php\/voir-le-documentaire\/","title":{"rendered":"Voir les \u00e9pisodes"},"content":{"rendered":"\n<div class=\"wp-block-cover aligncenter\" style=\"min-height:602px;aspect-ratio:unset;\"><img loading=\"lazy\" decoding=\"async\" width=\"1130\" height=\"405\" class=\"wp-block-cover__image-background wp-image-112\" alt=\"\" src=\"http:\/\/zora-documentaire.net\/wp-content\/uploads\/2025\/03\/nous3.jpg\" data-object-fit=\"cover\" srcset=\"https:\/\/zora-documentaire.net\/wp-content\/uploads\/2025\/03\/nous3.jpg 1130w, https:\/\/zora-documentaire.net\/wp-content\/uploads\/2025\/03\/nous3-300x108.jpg 300w, https:\/\/zora-documentaire.net\/wp-content\/uploads\/2025\/03\/nous3-1024x367.jpg 1024w, https:\/\/zora-documentaire.net\/wp-content\/uploads\/2025\/03\/nous3-768x275.jpg 768w\" sizes=\"auto, (max-width: 1130px) 100vw, 1130px\" \/><span aria-hidden=\"true\" class=\"wp-block-cover__background has-background-dim\" style=\"background-color:#666d74\"><\/span><div class=\"wp-block-cover__inner-container is-layout-constrained wp-block-cover-is-layout-constrained\">\n<p class=\"has-text-align-center has-large-font-size\"><mark style=\"background-color:rgba(0, 0, 0, 0)\" class=\"has-inline-color has-ast-global-color-4-color\"><strong>Mercredi 18 mars<\/strong> &#8211; Brest<br><sub>Dans la cadre de la semaine de l&#8217;\u00e9cologie, plus d&#8217;infos \u00e0 venir<\/sub><\/mark><br><br><mark style=\"background-color:rgba(0, 0, 0, 0)\" class=\"has-inline-color has-ast-global-color-4-color\"><strong>Mardi 24 mars \u00e0 18h45 &#8211; Paris<\/strong><br><sub>Grange aux Belles &#8211; gratuit sur <a href=\"https:\/\/billetterie.crl10.net\/agenda\/72-Projection-Debat-Zohra-serie-documentaire-d-Iris-Bonnant\">inscription<\/a><\/sub><\/mark><\/p>\n<\/div><\/div>\n\n\n\n<p><\/p>\n\n\n\n<p class=\"has-text-align-center\"><strong>Toutes nos dates seront actualis\u00e9es sur cette page. <\/strong><br><br>Dates pass\u00e9es :<br>03 juin 2025 au cin\u00e9ma St Andr\u00e9 des Arts, 75005 &#8211; Avant-premi\u00e8re de la s\u00e9rie<br>25 et 26 juillet 2025 \u00e0 la Recyclerie, 75018 &#8211; Festival Gare aux Docs<br>17 septembre 2025 au Baranoux, 75019<br>12 novembre 2025 \u00e0 C\u00e9sure, 75005<br>03 d\u00e9cembre 2025 \u00e0 Paris &#8211; Avec Amnesty International<br>15 janvier 2026 \u00e0 Caen &#8211; Avec Oxfam France<br>30 janvier 2026 au Caf\u00e9 l&#8217;\u00e9tabli, Nantes<br>31 janvier 2026 aux Impertinantes, Nantes<br><\/p>\n\n\n\n<hr class=\"wp-block-separator has-alpha-channel-opacity\"\/>\n\n\n\n<p class=\"has-text-align-center\"><em>Zora est un projet ind\u00e9pendant et militant. Nous souhaitons que le film soit accessible sans contrainte financi\u00e8re. <em>C&#8217;est pourquoi, le film sera disponible en libre acc\u00e8s en d\u00e9cembre 2025. <\/em> <\/em><\/p>\n\n\n\n<p class=\"has-text-align-center\"><em>Pour que le film soit disponible pour tou\u2e31te\u2e31s, nous sommes actuellement en train de travailler sur des versions sous-titr\u00e9es en anglais et sous-titr\u00e9es pour sourd\u2e31e\u2e31s et malentendant\u2e31e\u2e31s fran\u00e7ais\u2e31e\u2e31s (SEM).<\/em><br><em>Nous ajouterons ces versions d\u00e8s qu&#8217;elles seront finalis\u00e9es. <\/em><\/p>\n\n\n\n<p><\/p>\n\n\n\n<p><\/p>\n","protected":false},"excerpt":{"rendered":"<p>Toutes nos dates seront actualis\u00e9es sur cette page. Dates pass\u00e9es :03 juin 2025 au cin\u00e9ma St Andr\u00e9 des Arts, 75005 [&hellip;]<\/p>\n","protected":false},"author":1,"featured_media":0,"parent":0,"menu_order":0,"comment_status":"closed","ping_status":"closed","template":"","meta":{"site-sidebar-layout":"default","site-content-layout":"","ast-site-content-layout":"","site-content-style":"default","site-sidebar-style":"default","ast-global-header-display":"","ast-banner-title-visibility":"","ast-main-header-display":"","ast-hfb-above-header-display":"","ast-hfb-below-header-display":"","ast-hfb-mobile-header-display":"","site-post-title":"disabled","ast-breadcrumbs-content":"","ast-featured-img":"","footer-sml-layout":"","theme-transparent-header-meta":"","adv-header-id-meta":"","stick-header-meta":"","header-above-stick-meta":"","header-main-stick-meta":"","header-below-stick-meta":"","astra-migrate-meta-layouts":"default","ast-page-background-enabled":"default","ast-page-background-meta":{"desktop":{"background-color":"var(--ast-global-color-5)","background-image":"","background-repeat":"repeat","background-position":"center center","background-size":"auto","background-attachment":"scroll","background-type":"","background-media":"","overlay-type":"","overlay-color":"","overlay-opacity":"","overlay-gradient":""},"tablet":{"background-color":"","background-image":"","background-repeat":"repeat","background-position":"center center","background-size":"auto","background-attachment":"scroll","background-type":"","background-media":"","overlay-type":"","overlay-color":"","overlay-opacity":"","overlay-gradient":""},"mobile":{"background-color":"","background-image":"","background-repeat":"repeat","background-position":"center center","background-size":"auto","background-attachment":"scroll","background-type":"","background-media":"","overlay-type":"","overlay-color":"","overlay-opacity":"","overlay-gradient":""}},"ast-content-background-meta":{"desktop":{"background-color":"var(--ast-global-color-4)","background-image":"","background-repeat":"repeat","background-position":"center center","background-size":"auto","background-attachment":"scroll","background-type":"","background-media":"","overlay-type":"","overlay-color":"","overlay-opacity":"","overlay-gradient":""},"tablet":{"background-color":"var(--ast-global-color-4)","background-image":"","background-repeat":"repeat","background-position":"center center","background-size":"auto","background-attachment":"scroll","background-type":"","background-media":"","overlay-type":"","overlay-color":"","overlay-opacity":"","overlay-gradient":""},"mobile":{"background-color":"var(--ast-global-color-4)","background-image":"","background-repeat":"repeat","background-position":"center center","background-size":"auto","background-attachment":"scroll","background-type":"","background-media":"","overlay-type":"","overlay-color":"","overlay-opacity":"","overlay-gradient":""}},"footnotes":""},"class_list":["post-45","page","type-page","status-publish","hentry"],"yoast_head":"<!-- This site is optimized with the Yoast SEO plugin v24.7 - https:\/\/yoast.com\/wordpress\/plugins\/seo\/ -->\n<title>Voir les \u00e9pisodes - Documentaire Zora<\/title>\n<meta name=\"robots\" content=\"index, follow, max-snippet:-1, max-image-preview:large, max-video-preview:-1\" \/>\n<link rel=\"canonical\" href=\"https:\/\/zora-documentaire.net\/index.php\/voir-le-documentaire\/\" \/>\n<meta property=\"og:locale\" content=\"fr_FR\" \/>\n<meta property=\"og:type\" content=\"article\" \/>\n<meta property=\"og:title\" content=\"Voir les \u00e9pisodes - Documentaire Zora\" \/>\n<meta property=\"og:description\" content=\"Toutes nos dates seront actualis\u00e9es sur cette page. Dates pass\u00e9es :03 juin 2025 au cin\u00e9ma St Andr\u00e9 des Arts, 75005 [&hellip;]\" \/>\n<meta property=\"og:url\" content=\"https:\/\/zora-documentaire.net\/index.php\/voir-le-documentaire\/\" \/>\n<meta property=\"og:site_name\" content=\"Documentaire Zora\" \/>\n<meta property=\"article:modified_time\" content=\"2026-03-04T10:02:51+00:00\" \/>\n<meta property=\"og:image\" content=\"https:\/\/zora-documentaire.net\/wp-content\/uploads\/2025\/03\/nous3.jpg\" \/>\n\t<meta property=\"og:image:width\" content=\"1130\" \/>\n\t<meta property=\"og:image:height\" content=\"405\" \/>\n\t<meta property=\"og:image:type\" content=\"image\/jpeg\" \/>\n<meta name=\"twitter:card\" content=\"summary_large_image\" \/>\n<meta name=\"twitter:label1\" content=\"Dur\u00e9e de lecture estim\u00e9e\" \/>\n\t<meta name=\"twitter:data1\" content=\"2 minutes\" \/>\n<script type=\"application\/ld+json\" class=\"yoast-schema-graph\">{\"@context\":\"https:\/\/schema.org\",\"@graph\":[{\"@type\":\"WebPage\",\"@id\":\"https:\/\/zora-documentaire.net\/index.php\/voir-le-documentaire\/\",\"url\":\"https:\/\/zora-documentaire.net\/index.php\/voir-le-documentaire\/\",\"name\":\"Voir les \u00e9pisodes - Documentaire Zora\",\"isPartOf\":{\"@id\":\"https:\/\/zora-documentaire.net\/#website\"},\"primaryImageOfPage\":{\"@id\":\"https:\/\/zora-documentaire.net\/index.php\/voir-le-documentaire\/#primaryimage\"},\"image\":{\"@id\":\"https:\/\/zora-documentaire.net\/index.php\/voir-le-documentaire\/#primaryimage\"},\"thumbnailUrl\":\"http:\/\/zora-documentaire.net\/wp-content\/uploads\/2025\/03\/nous3.jpg\",\"datePublished\":\"2025-02-23T20:13:00+00:00\",\"dateModified\":\"2026-03-04T10:02:51+00:00\",\"breadcrumb\":{\"@id\":\"https:\/\/zora-documentaire.net\/index.php\/voir-le-documentaire\/#breadcrumb\"},\"inLanguage\":\"fr-FR\",\"potentialAction\":[{\"@type\":\"ReadAction\",\"target\":[\"https:\/\/zora-documentaire.net\/index.php\/voir-le-documentaire\/\"]}]},{\"@type\":\"ImageObject\",\"inLanguage\":\"fr-FR\",\"@id\":\"https:\/\/zora-documentaire.net\/index.php\/voir-le-documentaire\/#primaryimage\",\"url\":\"https:\/\/zora-documentaire.net\/wp-content\/uploads\/2025\/03\/nous3.jpg\",\"contentUrl\":\"https:\/\/zora-documentaire.net\/wp-content\/uploads\/2025\/03\/nous3.jpg\",\"width\":1130,\"height\":405},{\"@type\":\"BreadcrumbList\",\"@id\":\"https:\/\/zora-documentaire.net\/index.php\/voir-le-documentaire\/#breadcrumb\",\"itemListElement\":[{\"@type\":\"ListItem\",\"position\":1,\"name\":\"Accueil\",\"item\":\"https:\/\/zora-documentaire.net\/\"},{\"@type\":\"ListItem\",\"position\":2,\"name\":\"Voir les \u00e9pisodes\"}]},{\"@type\":\"WebSite\",\"@id\":\"https:\/\/zora-documentaire.net\/#website\",\"url\":\"https:\/\/zora-documentaire.net\/\",\"name\":\"Zora\",\"description\":\"Le climat de la r\u00e9volte\",\"publisher\":{\"@id\":\"https:\/\/zora-documentaire.net\/#organization\"},\"potentialAction\":[{\"@type\":\"SearchAction\",\"target\":{\"@type\":\"EntryPoint\",\"urlTemplate\":\"https:\/\/zora-documentaire.net\/?s={search_term_string}\"},\"query-input\":{\"@type\":\"PropertyValueSpecification\",\"valueRequired\":true,\"valueName\":\"search_term_string\"}}],\"inLanguage\":\"fr-FR\"},{\"@type\":\"Organization\",\"@id\":\"https:\/\/zora-documentaire.net\/#organization\",\"name\":\"Association Zora\",\"url\":\"https:\/\/zora-documentaire.net\/\",\"logo\":{\"@type\":\"ImageObject\",\"inLanguage\":\"fr-FR\",\"@id\":\"https:\/\/zora-documentaire.net\/#\/schema\/logo\/image\/\",\"url\":\"https:\/\/zora-documentaire.net\/wp-content\/uploads\/2025\/03\/cropped-logo.png\",\"contentUrl\":\"https:\/\/zora-documentaire.net\/wp-content\/uploads\/2025\/03\/cropped-logo.png\",\"width\":1891,\"height\":505,\"caption\":\"Association Zora\"},\"image\":{\"@id\":\"https:\/\/zora-documentaire.net\/#\/schema\/logo\/image\/\"}}]}<\/script>\n<!-- \/ Yoast SEO plugin. -->","yoast_head_json":{"title":"Voir les \u00e9pisodes - Documentaire Zora","robots":{"index":"index","follow":"follow","max-snippet":"max-snippet:-1","max-image-preview":"max-image-preview:large","max-video-preview":"max-video-preview:-1"},"canonical":"https:\/\/zora-documentaire.net\/index.php\/voir-le-documentaire\/","og_locale":"fr_FR","og_type":"article","og_title":"Voir les \u00e9pisodes - Documentaire Zora","og_description":"Toutes nos dates seront actualis\u00e9es sur cette page. Dates pass\u00e9es :03 juin 2025 au cin\u00e9ma St Andr\u00e9 des Arts, 75005 [&hellip;]","og_url":"https:\/\/zora-documentaire.net\/index.php\/voir-le-documentaire\/","og_site_name":"Documentaire Zora","article_modified_time":"2026-03-04T10:02:51+00:00","og_image":[{"width":1130,"height":405,"url":"https:\/\/zora-documentaire.net\/wp-content\/uploads\/2025\/03\/nous3.jpg","type":"image\/jpeg"}],"twitter_card":"summary_large_image","twitter_misc":{"Dur\u00e9e de lecture estim\u00e9e":"2 minutes"},"schema":{"@context":"https:\/\/schema.org","@graph":[{"@type":"WebPage","@id":"https:\/\/zora-documentaire.net\/index.php\/voir-le-documentaire\/","url":"https:\/\/zora-documentaire.net\/index.php\/voir-le-documentaire\/","name":"Voir les \u00e9pisodes - Documentaire Zora","isPartOf":{"@id":"https:\/\/zora-documentaire.net\/#website"},"primaryImageOfPage":{"@id":"https:\/\/zora-documentaire.net\/index.php\/voir-le-documentaire\/#primaryimage"},"image":{"@id":"https:\/\/zora-documentaire.net\/index.php\/voir-le-documentaire\/#primaryimage"},"thumbnailUrl":"http:\/\/zora-documentaire.net\/wp-content\/uploads\/2025\/03\/nous3.jpg","datePublished":"2025-02-23T20:13:00+00:00","dateModified":"2026-03-04T10:02:51+00:00","breadcrumb":{"@id":"https:\/\/zora-documentaire.net\/index.php\/voir-le-documentaire\/#breadcrumb"},"inLanguage":"fr-FR","potentialAction":[{"@type":"ReadAction","target":["https:\/\/zora-documentaire.net\/index.php\/voir-le-documentaire\/"]}]},{"@type":"ImageObject","inLanguage":"fr-FR","@id":"https:\/\/zora-documentaire.net\/index.php\/voir-le-documentaire\/#primaryimage","url":"https:\/\/zora-documentaire.net\/wp-content\/uploads\/2025\/03\/nous3.jpg","contentUrl":"https:\/\/zora-documentaire.net\/wp-content\/uploads\/2025\/03\/nous3.jpg","width":1130,"height":405},{"@type":"BreadcrumbList","@id":"https:\/\/zora-documentaire.net\/index.php\/voir-le-documentaire\/#breadcrumb","itemListElement":[{"@type":"ListItem","position":1,"name":"Accueil","item":"https:\/\/zora-documentaire.net\/"},{"@type":"ListItem","position":2,"name":"Voir les \u00e9pisodes"}]},{"@type":"WebSite","@id":"https:\/\/zora-documentaire.net\/#website","url":"https:\/\/zora-documentaire.net\/","name":"Zora","description":"Le climat de la r\u00e9volte","publisher":{"@id":"https:\/\/zora-documentaire.net\/#organization"},"potentialAction":[{"@type":"SearchAction","target":{"@type":"EntryPoint","urlTemplate":"https:\/\/zora-documentaire.net\/?s={search_term_string}"},"query-input":{"@type":"PropertyValueSpecification","valueRequired":true,"valueName":"search_term_string"}}],"inLanguage":"fr-FR"},{"@type":"Organization","@id":"https:\/\/zora-documentaire.net\/#organization","name":"Association Zora","url":"https:\/\/zora-documentaire.net\/","logo":{"@type":"ImageObject","inLanguage":"fr-FR","@id":"https:\/\/zora-documentaire.net\/#\/schema\/logo\/image\/","url":"https:\/\/zora-documentaire.net\/wp-content\/uploads\/2025\/03\/cropped-logo.png","contentUrl":"https:\/\/zora-documentaire.net\/wp-content\/uploads\/2025\/03\/cropped-logo.png","width":1891,"height":505,"caption":"Association Zora"},"image":{"@id":"https:\/\/zora-documentaire.net\/#\/schema\/logo\/image\/"}}]}},"_links":{"self":[{"href":"https:\/\/zora-documentaire.net\/index.php\/wp-json\/wp\/v2\/pages\/45","targetHints":{"allow":["GET"]}}],"collection":[{"href":"https:\/\/zora-documentaire.net\/index.php\/wp-json\/wp\/v2\/pages"}],"about":[{"href":"https:\/\/zora-documentaire.net\/index.php\/wp-json\/wp\/v2\/types\/page"}],"author":[{"embeddable":true,"href":"https:\/\/zora-documentaire.net\/index.php\/wp-json\/wp\/v2\/users\/1"}],"replies":[{"embeddable":true,"href":"https:\/\/zora-documentaire.net\/index.php\/wp-json\/wp\/v2\/comments?post=45"}],"version-history":[{"count":38,"href":"https:\/\/zora-documentaire.net\/index.php\/wp-json\/wp\/v2\/pages\/45\/revisions"}],"predecessor-version":[{"id":409,"href":"https:\/\/zora-documentaire.net\/index.php\/wp-json\/wp\/v2\/pages\/45\/revisions\/409"}],"wp:attachment":[{"href":"https:\/\/zora-documentaire.net\/index.php\/wp-json\/wp\/v2\/media?parent=45"}],"curies":[{"name":"wp","href":"https:\/\/api.w.org\/{rel}","templated":true}]}}