{"id":52,"date":"2025-02-23T21:16:15","date_gmt":"2025-02-23T20:16:15","guid":{"rendered":"https:\/\/zora-documentaire.net\/?page_id=52"},"modified":"2025-03-23T00:16:25","modified_gmt":"2025-03-22T23:16:25","slug":"contact","status":"publish","type":"page","link":"https:\/\/zora-documentaire.net\/index.php\/contact\/","title":{"rendered":"\u00c0 propos"},"content":{"rendered":"\n<p style=\"margin-right:1rem;margin-left:1rem\">Pour nous contacter : <a href=\"mailto:contact@zora-documentaire.net\">contact@zora-documentaire.net<\/a><\/p>\n\n\n\n<p><\/p>\n\n\n\n<p style=\"margin-right:1rem;margin-left:1rem\"><strong>Mentions l\u00e9gales<\/strong><\/p>\n\n\n\n<p style=\"margin-right:1rem;margin-left:1rem\">Le site est \u00e9dit\u00e9 par l&#8217;association Zora (SIRET : 92393950800019). Son si\u00e8ge social se situe au 28 rue Pasteur, Villejuif, 94800<\/p>\n\n\n\n<p style=\"margin-right:1rem;margin-left:1rem\"><strong>Propri\u00e9t\u00e9 intellectuelle<\/strong><\/p>\n\n\n\n<p style=\"margin-right:1rem;margin-left:1rem\">Le contenu du site https:\/\/zora-documentaire.net (textes, graphismes, images, animations, sons, logos, et ic\u00f4nes) est la propri\u00e9t\u00e9 exclusive de l\u2019association \u00e9ditrice. Toute reproduction, distribution, modification, adaptation, retransmission ou publication, m\u00eame partielle, de ces \u00e9l\u00e9ments est strictement interdite sans l\u2019accord pr\u00e9alable, expr\u00e8s et \u00e9crit de l&#8217;association Zora.<\/p>\n\n\n\n<p style=\"margin-right:1rem;margin-left:1rem\">Les \u00e9pisodes de la s\u00e9rie Zora sont librement accessibles et utilisables.<\/p>\n\n\n\n<p style=\"margin-right:1rem;margin-left:1rem\"><strong>D\u00e9claration \u00e0 la CNIL<\/strong><\/p>\n\n\n\n<p style=\"margin-right:1rem;margin-left:1rem\">Ce site n\u2019a pas fait l\u2019objet d\u2019une d\u00e9claration aupr\u00e8s de la Commission nationale de l\u2019informatique et des libert\u00e9s (www.cnil.fr).<\/p>\n","protected":false},"excerpt":{"rendered":"<p>Pour nous contacter : contact@zora-documentaire.net Mentions l\u00e9gales Le site est \u00e9dit\u00e9 par l&#8217;association Zora (SIRET : 92393950800019). Son si\u00e8ge social [&hellip;]<\/p>\n","protected":false},"author":1,"featured_media":0,"parent":0,"menu_order":0,"comment_status":"closed","ping_status":"closed","template":"","meta":{"site-sidebar-layout":"default","site-content-layout":"","ast-site-content-layout":"","site-content-style":"default","site-sidebar-style":"default","ast-global-header-display":"","ast-banner-title-visibility":"","ast-main-header-display":"","ast-hfb-above-header-display":"","ast-hfb-below-header-display":"","ast-hfb-mobile-header-display":"","site-post-title":"disabled","ast-breadcrumbs-content":"","ast-featured-img":"","footer-sml-layout":"","theme-transparent-header-meta":"","adv-header-id-meta":"","stick-header-meta":"","header-above-stick-meta":"","header-main-stick-meta":"","header-below-stick-meta":"","astra-migrate-meta-layouts":"default","ast-page-background-enabled":"default","ast-page-background-meta":{"desktop":{"background-color":"var(--ast-global-color-5)","background-image":"","background-repeat":"repeat","background-position":"center center","background-size":"auto","background-attachment":"scroll","background-type":"","background-media":"","overlay-type":"","overlay-color":"","overlay-opacity":"","overlay-gradient":""},"tablet":{"background-color":"","background-image":"","background-repeat":"repeat","background-position":"center center","background-size":"auto","background-attachment":"scroll","background-type":"","background-media":"","overlay-type":"","overlay-color":"","overlay-opacity":"","overlay-gradient":""},"mobile":{"background-color":"","background-image":"","background-repeat":"repeat","background-position":"center center","background-size":"auto","background-attachment":"scroll","background-type":"","background-media":"","overlay-type":"","overlay-color":"","overlay-opacity":"","overlay-gradient":""}},"ast-content-background-meta":{"desktop":{"background-color":"var(--ast-global-color-4)","background-image":"","background-repeat":"repeat","background-position":"center center","background-size":"auto","background-attachment":"scroll","background-type":"","background-media":"","overlay-type":"","overlay-color":"","overlay-opacity":"","overlay-gradient":""},"tablet":{"background-color":"var(--ast-global-color-4)","background-image":"","background-repeat":"repeat","background-position":"center center","background-size":"auto","background-attachment":"scroll","background-type":"","background-media":"","overlay-type":"","overlay-color":"","overlay-opacity":"","overlay-gradient":""},"mobile":{"background-color":"var(--ast-global-color-4)","background-image":"","background-repeat":"repeat","background-position":"center center","background-size":"auto","background-attachment":"scroll","background-type":"","background-media":"","overlay-type":"","overlay-color":"","overlay-opacity":"","overlay-gradient":""}},"footnotes":""},"class_list":["post-52","page","type-page","status-publish","hentry"],"yoast_head":"<!-- This site is optimized with the Yoast SEO plugin v24.7 - https:\/\/yoast.com\/wordpress\/plugins\/seo\/ -->\n<title>\u00c0 propos - Documentaire Zora<\/title>\n<meta name=\"robots\" content=\"index, follow, max-snippet:-1, max-image-preview:large, max-video-preview:-1\" \/>\n<link rel=\"canonical\" href=\"https:\/\/zora-documentaire.net\/index.php\/contact\/\" \/>\n<meta property=\"og:locale\" content=\"fr_FR\" \/>\n<meta property=\"og:type\" content=\"article\" \/>\n<meta property=\"og:title\" content=\"\u00c0 propos - Documentaire Zora\" \/>\n<meta property=\"og:description\" content=\"Pour nous contacter : contact@zora-documentaire.net Mentions l\u00e9gales Le site est \u00e9dit\u00e9 par l&#8217;association Zora (SIRET : 92393950800019). Son si\u00e8ge social [&hellip;]\" \/>\n<meta property=\"og:url\" content=\"https:\/\/zora-documentaire.net\/index.php\/contact\/\" \/>\n<meta property=\"og:site_name\" content=\"Documentaire Zora\" \/>\n<meta property=\"article:modified_time\" content=\"2025-03-22T23:16:25+00:00\" \/>\n<meta name=\"twitter:card\" content=\"summary_large_image\" \/>\n<meta name=\"twitter:label1\" content=\"Dur\u00e9e de lecture estim\u00e9e\" \/>\n\t<meta name=\"twitter:data1\" content=\"1 minute\" \/>\n<script type=\"application\/ld+json\" class=\"yoast-schema-graph\">{\"@context\":\"https:\/\/schema.org\",\"@graph\":[{\"@type\":\"WebPage\",\"@id\":\"https:\/\/zora-documentaire.net\/index.php\/contact\/\",\"url\":\"https:\/\/zora-documentaire.net\/index.php\/contact\/\",\"name\":\"\u00c0 propos - Documentaire Zora\",\"isPartOf\":{\"@id\":\"https:\/\/zora-documentaire.net\/#website\"},\"datePublished\":\"2025-02-23T20:16:15+00:00\",\"dateModified\":\"2025-03-22T23:16:25+00:00\",\"breadcrumb\":{\"@id\":\"https:\/\/zora-documentaire.net\/index.php\/contact\/#breadcrumb\"},\"inLanguage\":\"fr-FR\",\"potentialAction\":[{\"@type\":\"ReadAction\",\"target\":[\"https:\/\/zora-documentaire.net\/index.php\/contact\/\"]}]},{\"@type\":\"BreadcrumbList\",\"@id\":\"https:\/\/zora-documentaire.net\/index.php\/contact\/#breadcrumb\",\"itemListElement\":[{\"@type\":\"ListItem\",\"position\":1,\"name\":\"Accueil\",\"item\":\"https:\/\/zora-documentaire.net\/\"},{\"@type\":\"ListItem\",\"position\":2,\"name\":\"\u00c0 propos\"}]},{\"@type\":\"WebSite\",\"@id\":\"https:\/\/zora-documentaire.net\/#website\",\"url\":\"https:\/\/zora-documentaire.net\/\",\"name\":\"Zora\",\"description\":\"Le climat de la r\u00e9volte\",\"publisher\":{\"@id\":\"https:\/\/zora-documentaire.net\/#organization\"},\"potentialAction\":[{\"@type\":\"SearchAction\",\"target\":{\"@type\":\"EntryPoint\",\"urlTemplate\":\"https:\/\/zora-documentaire.net\/?s={search_term_string}\"},\"query-input\":{\"@type\":\"PropertyValueSpecification\",\"valueRequired\":true,\"valueName\":\"search_term_string\"}}],\"inLanguage\":\"fr-FR\"},{\"@type\":\"Organization\",\"@id\":\"https:\/\/zora-documentaire.net\/#organization\",\"name\":\"Association Zora\",\"url\":\"https:\/\/zora-documentaire.net\/\",\"logo\":{\"@type\":\"ImageObject\",\"inLanguage\":\"fr-FR\",\"@id\":\"https:\/\/zora-documentaire.net\/#\/schema\/logo\/image\/\",\"url\":\"https:\/\/zora-documentaire.net\/wp-content\/uploads\/2025\/03\/cropped-logo.png\",\"contentUrl\":\"https:\/\/zora-documentaire.net\/wp-content\/uploads\/2025\/03\/cropped-logo.png\",\"width\":1891,\"height\":505,\"caption\":\"Association Zora\"},\"image\":{\"@id\":\"https:\/\/zora-documentaire.net\/#\/schema\/logo\/image\/\"}}]}<\/script>\n<!-- \/ Yoast SEO plugin. -->","yoast_head_json":{"title":"\u00c0 propos - Documentaire Zora","robots":{"index":"index","follow":"follow","max-snippet":"max-snippet:-1","max-image-preview":"max-image-preview:large","max-video-preview":"max-video-preview:-1"},"canonical":"https:\/\/zora-documentaire.net\/index.php\/contact\/","og_locale":"fr_FR","og_type":"article","og_title":"\u00c0 propos - Documentaire Zora","og_description":"Pour nous contacter : contact@zora-documentaire.net Mentions l\u00e9gales Le site est \u00e9dit\u00e9 par l&#8217;association Zora (SIRET : 92393950800019). Son si\u00e8ge social [&hellip;]","og_url":"https:\/\/zora-documentaire.net\/index.php\/contact\/","og_site_name":"Documentaire Zora","article_modified_time":"2025-03-22T23:16:25+00:00","twitter_card":"summary_large_image","twitter_misc":{"Dur\u00e9e de lecture estim\u00e9e":"1 minute"},"schema":{"@context":"https:\/\/schema.org","@graph":[{"@type":"WebPage","@id":"https:\/\/zora-documentaire.net\/index.php\/contact\/","url":"https:\/\/zora-documentaire.net\/index.php\/contact\/","name":"\u00c0 propos - Documentaire Zora","isPartOf":{"@id":"https:\/\/zora-documentaire.net\/#website"},"datePublished":"2025-02-23T20:16:15+00:00","dateModified":"2025-03-22T23:16:25+00:00","breadcrumb":{"@id":"https:\/\/zora-documentaire.net\/index.php\/contact\/#breadcrumb"},"inLanguage":"fr-FR","potentialAction":[{"@type":"ReadAction","target":["https:\/\/zora-documentaire.net\/index.php\/contact\/"]}]},{"@type":"BreadcrumbList","@id":"https:\/\/zora-documentaire.net\/index.php\/contact\/#breadcrumb","itemListElement":[{"@type":"ListItem","position":1,"name":"Accueil","item":"https:\/\/zora-documentaire.net\/"},{"@type":"ListItem","position":2,"name":"\u00c0 propos"}]},{"@type":"WebSite","@id":"https:\/\/zora-documentaire.net\/#website","url":"https:\/\/zora-documentaire.net\/","name":"Zora","description":"Le climat de la r\u00e9volte","publisher":{"@id":"https:\/\/zora-documentaire.net\/#organization"},"potentialAction":[{"@type":"SearchAction","target":{"@type":"EntryPoint","urlTemplate":"https:\/\/zora-documentaire.net\/?s={search_term_string}"},"query-input":{"@type":"PropertyValueSpecification","valueRequired":true,"valueName":"search_term_string"}}],"inLanguage":"fr-FR"},{"@type":"Organization","@id":"https:\/\/zora-documentaire.net\/#organization","name":"Association Zora","url":"https:\/\/zora-documentaire.net\/","logo":{"@type":"ImageObject","inLanguage":"fr-FR","@id":"https:\/\/zora-documentaire.net\/#\/schema\/logo\/image\/","url":"https:\/\/zora-documentaire.net\/wp-content\/uploads\/2025\/03\/cropped-logo.png","contentUrl":"https:\/\/zora-documentaire.net\/wp-content\/uploads\/2025\/03\/cropped-logo.png","width":1891,"height":505,"caption":"Association Zora"},"image":{"@id":"https:\/\/zora-documentaire.net\/#\/schema\/logo\/image\/"}}]}},"_links":{"self":[{"href":"https:\/\/zora-documentaire.net\/index.php\/wp-json\/wp\/v2\/pages\/52","targetHints":{"allow":["GET"]}}],"collection":[{"href":"https:\/\/zora-documentaire.net\/index.php\/wp-json\/wp\/v2\/pages"}],"about":[{"href":"https:\/\/zora-documentaire.net\/index.php\/wp-json\/wp\/v2\/types\/page"}],"author":[{"embeddable":true,"href":"https:\/\/zora-documentaire.net\/index.php\/wp-json\/wp\/v2\/users\/1"}],"replies":[{"embeddable":true,"href":"https:\/\/zora-documentaire.net\/index.php\/wp-json\/wp\/v2\/comments?post=52"}],"version-history":[{"count":23,"href":"https:\/\/zora-documentaire.net\/index.php\/wp-json\/wp\/v2\/pages\/52\/revisions"}],"predecessor-version":[{"id":345,"href":"https:\/\/zora-documentaire.net\/index.php\/wp-json\/wp\/v2\/pages\/52\/revisions\/345"}],"wp:attachment":[{"href":"https:\/\/zora-documentaire.net\/index.php\/wp-json\/wp\/v2\/media?parent=52"}],"curies":[{"name":"wp","href":"https:\/\/api.w.org\/{rel}","templated":true}]}}